{"version":"1.0","provider_name":"Alinea, Avocats \u00e0 la Cour","provider_url":"https:\/\/alinea-avocats.eu\/fr\/","title":"Le Conseil AGRIPECHE change le cap par rapport aux ann\u00e9es pr\u00e9c\u00e9dentes\u00a0: les Etats membres poussent pour une nouvelle strat\u00e9gie en 2020 et une r\u00e9vision de la l\u00e9gislation en mati\u00e8re de bien-\u00eatre animal. - Alinea, Avocats \u00e0 la Cour","type":"rich","width":600,"height":338,"html":"<blockquote class=\"wp-embedded-content\" data-secret=\"rDxpLWI3GI\"><a href=\"https:\/\/alinea-avocats.eu\/fr\/actualite\/865\/\">Le Conseil AGRIPECHE change le cap par rapport aux ann\u00e9es pr\u00e9c\u00e9dentes\u00a0: les Etats membres poussent pour une nouvelle strat\u00e9gie en 2020 et une r\u00e9vision de la l\u00e9gislation en mati\u00e8re de bien-\u00eatre animal.<\/a><\/blockquote><iframe sandbox=\"allow-scripts\" security=\"restricted\" src=\"https:\/\/alinea-avocats.eu\/fr\/actualite\/865\/embed\/#?secret=rDxpLWI3GI\" width=\"600\" height=\"338\" title=\"\u00ab\u00a0Le Conseil AGRIPECHE change le cap par rapport aux ann\u00e9es pr\u00e9c\u00e9dentes\u00a0: les Etats membres poussent pour une nouvelle strat\u00e9gie en 2020 et une r\u00e9vision de la l\u00e9gislation en mati\u00e8re de bien-\u00eatre animal.\u00a0\u00bb &#8212; Alinea, Avocats \u00e0 la Cour\" data-secret=\"rDxpLWI3GI\" frameborder=\"0\" marginwidth=\"0\" marginheight=\"0\" scrolling=\"no\" class=\"wp-embedded-content\"><\/iframe><script type=\"text\/javascript\">\n\/* <![CDATA[ *\/\n\/*! This file is auto-generated *\/\n!function(d,l){\"use strict\";l.querySelector&&d.addEventListener&&\"undefined\"!=typeof URL&&(d.wp=d.wp||{},d.wp.receiveEmbedMessage||(d.wp.receiveEmbedMessage=function(e){var t=e.data;if((t||t.secret||t.message||t.value)&&!\/[^a-zA-Z0-9]\/.test(t.secret)){for(var s,r,n,a=l.querySelectorAll('iframe[data-secret=\"'+t.secret+'\"]'),o=l.querySelectorAll('blockquote[data-secret=\"'+t.secret+'\"]'),c=new RegExp(\"^https?:$\",\"i\"),i=0;i<o.length;i++)o[i].style.display=\"none\";for(i=0;i<a.length;i++)s=a[i],e.source===s.contentWindow&&(s.removeAttribute(\"style\"),\"height\"===t.message?(1e3<(r=parseInt(t.value,10))?r=1e3:~~r<200&&(r=200),s.height=r):\"link\"===t.message&&(r=new URL(s.getAttribute(\"src\")),n=new URL(t.value),c.test(n.protocol))&&n.host===r.host&&l.activeElement===s&&(d.top.location.href=t.value))}},d.addEventListener(\"message\",d.wp.receiveEmbedMessage,!1),l.addEventListener(\"DOMContentLoaded\",function(){for(var e,t,s=l.querySelectorAll(\"iframe.wp-embedded-content\"),r=0;r<s.length;r++)(t=(e=s[r]).getAttribute(\"data-secret\"))||(t=Math.random().toString(36).substring(2,12),e.src+=\"#?secret=\"+t,e.setAttribute(\"data-secret\",t)),e.contentWindow.postMessage({message:\"ready\",secret:t},\"*\")},!1)))}(window,document);\n\/\/# sourceURL=https:\/\/alinea-avocats.eu\/wp-includes\/js\/wp-embed.min.js\n\/* ]]> *\/\n<\/script>\n","description":"Clarifier la l\u00e9gislation, int\u00e9grer des standards minimums, favoriser les initiatives volontaires des Etats membres et des op\u00e9rateurs\u00a0: le Conseil invite la Commission europ\u00e9enne \u00e0 d\u00e9velopper une nouvelle strat\u00e9gie dans l\u2019ensemble des l\u00e9gislations pour toutes les esp\u00e8ces et au diff\u00e9rentes \u00e9tapes de l\u2019\u00e9levage notamment en mati\u00e8re de transport et d\u2019abattage."}