{"version":"1.0","provider_name":"Alinea, Avocats \u00e0 la Cour","provider_url":"https:\/\/alinea-avocats.eu\/fr\/","title":"Droit europ\u00e9en et droit \u00e9conomique : concurrence et relations commerciales - Alinea, Avocats \u00e0 la Cour","type":"rich","width":600,"height":338,"html":"<blockquote class=\"wp-embedded-content\" data-secret=\"kLVk0w1XxE\"><a href=\"https:\/\/alinea-avocats.eu\/fr\/savoir-faire\/reglementation-interne-rse-et-compliance\/\">Droit europ\u00e9en et droit \u00e9conomique : concurrence et relations commerciales<\/a><\/blockquote><iframe sandbox=\"allow-scripts\" security=\"restricted\" src=\"https:\/\/alinea-avocats.eu\/fr\/savoir-faire\/reglementation-interne-rse-et-compliance\/embed\/#?secret=kLVk0w1XxE\" width=\"600\" height=\"338\" title=\"\u00ab\u00a0Droit europ\u00e9en et droit \u00e9conomique : concurrence et relations commerciales\u00a0\u00bb &#8212; Alinea, Avocats \u00e0 la Cour\" data-secret=\"kLVk0w1XxE\" frameborder=\"0\" marginwidth=\"0\" marginheight=\"0\" scrolling=\"no\" class=\"wp-embedded-content\"><\/iframe><script type=\"text\/javascript\">\n\/* <![CDATA[ *\/\n\/*! This file is auto-generated *\/\n!function(d,l){\"use strict\";l.querySelector&&d.addEventListener&&\"undefined\"!=typeof URL&&(d.wp=d.wp||{},d.wp.receiveEmbedMessage||(d.wp.receiveEmbedMessage=function(e){var t=e.data;if((t||t.secret||t.message||t.value)&&!\/[^a-zA-Z0-9]\/.test(t.secret)){for(var s,r,n,a=l.querySelectorAll('iframe[data-secret=\"'+t.secret+'\"]'),o=l.querySelectorAll('blockquote[data-secret=\"'+t.secret+'\"]'),c=new RegExp(\"^https?:$\",\"i\"),i=0;i<o.length;i++)o[i].style.display=\"none\";for(i=0;i<a.length;i++)s=a[i],e.source===s.contentWindow&&(s.removeAttribute(\"style\"),\"height\"===t.message?(1e3<(r=parseInt(t.value,10))?r=1e3:~~r<200&&(r=200),s.height=r):\"link\"===t.message&&(r=new URL(s.getAttribute(\"src\")),n=new URL(t.value),c.test(n.protocol))&&n.host===r.host&&l.activeElement===s&&(d.top.location.href=t.value))}},d.addEventListener(\"message\",d.wp.receiveEmbedMessage,!1),l.addEventListener(\"DOMContentLoaded\",function(){for(var e,t,s=l.querySelectorAll(\"iframe.wp-embedded-content\"),r=0;r<s.length;r++)(t=(e=s[r]).getAttribute(\"data-secret\"))||(t=Math.random().toString(36).substring(2,12),e.src+=\"#?secret=\"+t,e.setAttribute(\"data-secret\",t)),e.contentWindow.postMessage({message:\"ready\",secret:t},\"*\")},!1)))}(window,document);\n\/\/# sourceURL=https:\/\/alinea-avocats.eu\/wp-includes\/js\/wp-embed.min.js\n\/* ]]> *\/\n<\/script>\n","description":"Alinea, Avocats Associ\u00e9s accompagne r\u00e9guli\u00e8rement les fili\u00e8res qui souhaitent se pr\u00e9valoir d\u2019exceptions au droit de la concurrence en les aidant \u00e0 se structurer en organisations de producteurs (OP) ou associations d\u2019OP reconnues, ou en proc\u00e9dant \u00e0 des notifications aupr\u00e8s de la Commission europ\u00e9enne. A titre d\u2019exemple, nous avons accompagn\u00e9 ou accompagnons des interprofessions dans le [&hellip;]"}